{"id":1712,"date":"2025-08-25T18:22:23","date_gmt":"2025-08-25T16:22:23","guid":{"rendered":"http:\/\/new.dijoncycles.fr\/?post_type=product&#038;p=1712"},"modified":"2026-02-08T18:13:12","modified_gmt":"2026-02-08T17:13:12","slug":"destockage-velo-electrique-trek-verve-plus-1-lt-lowstep-rouge","status":"publish","type":"product","link":"https:\/\/www.dijoncycles.fr\/en\/product\/destockage-velo-electrique-trek-verve-plus-1-lt-lowstep-rouge\/","title":{"rendered":"TREK Verve+ 1 LT Lowstep Taille M"},"content":{"rendered":"<p><b data-path-to-node=\"11,0\" data-index-in-node=\"1\">FIN DE S\u00c9RIE :<\/b> Le Trek Verve+ 1 LT est con\u00e7u pour simplifier vos trajets quotidiens. Son cadre Lowstep ultra-bas permet d&rsquo;enjamber le v\u00e9lo en toute d\u00e9contraction, m\u00eame avec une jupe ou un pantalon ajust\u00e9. Son coloris rouge \u00e9clatant ne se contente pas d&rsquo;\u00eatre \u00e9l\u00e9gant : il renforce votre visibilit\u00e9 et donc votre s\u00e9curit\u00e9 en ville.<\/p>\n<p>Le Verve+ 1 LT Lowstep est un v\u00e9lo \u00e9lectrique de ville l\u00e9ger con\u00e7u qui vous invite \u00e0 rouler plus tout en maximisant le plaisir en selle. Vos balades, vos trajets quotidiens et vos s\u00e9ances d\u2019exercice profitent du petit coup de pouce du discret moteur \u00e9lectrique Hyena. Et ce n\u2019est pas tout. Ce VAE est dot\u00e9 de composants favorisant le confort et la s\u00e9curit\u00e9, comme les points de contact ergonomiques, les freins \u00e0 disque hydrauliques fiables, les pneus larges et stables, les feux avant et arri\u00e8re, et le cadre ouvert, facile \u00e0 enjamber.<\/p>\n<ul>\n<li>\n<p data-path-to-node=\"13,0,0\"><b data-path-to-node=\"13,0,0\" data-index-in-node=\"0\">Poids \u00ab\u00a0LT\u00a0\u00bb (Light) :<\/b> Ce mod\u00e8le est plus maniable et facile \u00e0 ranger que les VAE classiques souvent trop lourds.<br \/>\n<b data-path-to-node=\"13,1,0\" data-index-in-node=\"0\">Moteur :<\/b> Assistance fluide et naturelle.<br \/>\n<b data-path-to-node=\"13,2,0\" data-index-in-node=\"0\">Batterie :<\/b> Id\u00e9ale pour les trajets urbains quotidiens (v\u00e9lotaf) avec une recharge rapide.<br \/>\n<b data-path-to-node=\"13,3,0\" data-index-in-node=\"0\">Confort :<\/b> Selle large, poign\u00e9es ergonomiques et pneus larges pour amortir les irr\u00e9gularit\u00e9s de la route.<br \/>\n<b data-path-to-node=\"13,4,0\" data-index-in-node=\"0\">\u00c9quipement :<\/b> Garde-boue, porte-bagages, b\u00e9quille et \u00e9clairages puissants inclus.<br \/>\n<b data-path-to-node=\"25,0,0\" data-index-in-node=\"0\">Marque Premium :<\/b> Trek offre une garantie \u00e0 vie sur ses cadres (un argument de confiance \u00e9norme).<br \/>\n<b data-path-to-node=\"25,1,0\" data-index-in-node=\"0\">Visibilit\u00e9 :<\/b> Le rouge est la couleur la plus s\u00e9curisante en ville.<br \/>\n<b data-path-to-node=\"25,2,0\" data-index-in-node=\"0\">Simplicit\u00e9 :<\/b> Pas de gadgets inutiles, un v\u00e9lo robuste qui fait le travail tous les jours.<\/p>\n<\/li>\n<li style=\"list-style-type: none;\"><\/li>\n<\/ul>\n<p><b data-path-to-node=\"22,0\" data-index-in-node=\"0\">L&rsquo;avis de l&rsquo;\u00e9quipe du magasin Dijon Cycles :<\/b> \u00ab\u00a0C\u2019est le v\u00e9lo &lsquo;sourire&rsquo; par excellence. Il est parfait pour circuler dans les rues de <b data-path-to-node=\"22,0\" data-index-in-node=\"121\">Dijon<\/b> ou rejoindre les communes alentours sans transpirer. Sa l\u00e9g\u00e8ret\u00e9 par rapport \u00e0 d&rsquo;autres VAE est un vrai plus si vous devez parfois le manipuler \u00e0 l&rsquo;arr\u00eat. <b data-path-to-node=\"22,0\" data-index-in-node=\"282\">C&rsquo;est une fin de s\u00e9rie : premier arriv\u00e9, premier servi !<\/b>\u00a0\u00bb<\/p>\n<p>Visualiser la gamme <a href=\"https:\/\/www.trekbikes.com\/fr\/fr_FR\/v%C3%A9los\/v%C3%A9los-hybrides\/v%C3%A9los-hybrides-%C3%A0-assistance-%C3%A9lectrique\/verve\/f\/F436E\/verve%252b-1-lt-lowstep\/40518\/5291657\" target=\"_blank\" rel=\"noopener\">TREK Verve+ 1 LT Lowstep<\/a><\/p>","protected":false},"excerpt":{"rendered":"<p>FIN DE S\u00c9RIE : Le Trek Verve+ 1 LT est con\u00e7u pour simplifier vos trajets quotidiens. Son cadre Lowstep ultra-bas permet d&rsquo;enjamber le v\u00e9lo en toute d\u00e9contraction, m\u00eame avec une jupe ou un pantalon ajust\u00e9. Son coloris rouge \u00e9clatant ne se contente pas d&rsquo;\u00eatre \u00e9l\u00e9gant : il renforce votre visibilit\u00e9 et donc votre s\u00e9curit\u00e9 en [&hellip;]<\/p>\n","protected":false},"featured_media":1729,"comment_status":"open","ping_status":"closed","template":"","meta":[],"product_brand":[26],"product_cat":[33],"product_tag":[],"class_list":{"0":"post-1712","1":"product","2":"type-product","3":"status-publish","4":"has-post-thumbnail","6":"product_brand-trek","7":"product_cat-ville-electrique","9":"first","10":"instock","11":"sale","12":"shipping-taxable","13":"purchasable","14":"product-type-simple"},"jetpack_sharing_enabled":true,"_links":{"self":[{"href":"https:\/\/www.dijoncycles.fr\/en\/wp-json\/wp\/v2\/product\/1712","targetHints":{"allow":["GET"]}}],"collection":[{"href":"https:\/\/www.dijoncycles.fr\/en\/wp-json\/wp\/v2\/product"}],"about":[{"href":"https:\/\/www.dijoncycles.fr\/en\/wp-json\/wp\/v2\/types\/product"}],"replies":[{"embeddable":true,"href":"https:\/\/www.dijoncycles.fr\/en\/wp-json\/wp\/v2\/comments?post=1712"}],"wp:featuredmedia":[{"embeddable":true,"href":"https:\/\/www.dijoncycles.fr\/en\/wp-json\/wp\/v2\/media\/1729"}],"wp:attachment":[{"href":"https:\/\/www.dijoncycles.fr\/en\/wp-json\/wp\/v2\/media?parent=1712"}],"wp:term":[{"taxonomy":"product_brand","embeddable":true,"href":"https:\/\/www.dijoncycles.fr\/en\/wp-json\/wp\/v2\/product_brand?post=1712"},{"taxonomy":"product_cat","embeddable":true,"href":"https:\/\/www.dijoncycles.fr\/en\/wp-json\/wp\/v2\/product_cat?post=1712"},{"taxonomy":"product_tag","embeddable":true,"href":"https:\/\/www.dijoncycles.fr\/en\/wp-json\/wp\/v2\/product_tag?post=1712"}],"curies":[{"name":"wp","href":"https:\/\/api.w.org\/{rel}","templated":true}]}}